{"id":3203,"date":"2016-10-19T11:02:24","date_gmt":"2016-10-19T13:02:24","guid":{"rendered":"http:\/\/salibom.com.br\/edicao2016\/?page_id=3203"},"modified":"2019-11-07T09:00:50","modified_gmt":"2019-11-07T12:00:50","slug":"programacao-cultural","status":"publish","type":"page","link":"https:\/\/www.salivapi.com.br\/edicao2019\/programacao-cultural\/","title":{"rendered":"Programa\u00e7\u00e3o Cultural"},"content":{"rendered":"<h2 style=\"font-weight: bold; text-align: justify;\">Programa\u00e7\u00e3o Cultural<\/h2>\n<h3 style=\"font-weight: bold; text-align: justify;\">Circuito de Palestras<\/h3>\n<p style=\"text-align: center;\"><strong>PROGRAMA\u00c7\u00c3O DO SAL\u00c3O DO LIVRO DE VALEN\u00c7A DO PIAU\u00cd \u2013 SALIVA<\/strong><br \/>\n<strong>PER\u00cdODO DE REALIZA\u00c7\u00c3O: DE 13 A 16 DE NOVEMBRO DE 2019<\/strong><\/p>\n<h3><strong>QUARTA-FEIRA (13\/11\/2019)<br \/>\n<\/strong><\/h3>\n<p><strong>18h \u2013 CERIM\u00d4NIA OFICIAL DE ABERTURA<\/strong><br \/>\nApresenta\u00e7\u00e3o:<br \/>\nBandolins de Oeiras<\/p>\n<p><strong>19h &#8211; PALESTRA:<\/strong><br \/>\n<strong>O desafio das grandes reportagens<\/strong><br \/>\nPalestrante:<br \/>\nFrancisco Jos\u00e9 (PE)<br \/>\n(Jornalista, Escritor e Apresentador de Televis\u00e3o premiado. H\u00e1 mais de tr\u00eas d\u00e9cadas atua como Rep\u00f3rter Especial da Rede Globo)<\/p>\n<p><strong>21 horas<\/strong><br \/>\n&#8211; Ivan Silva e Banda<br \/>\n&#8211; Vanvan: o furac\u00e3o do forr\u00f3<br \/>\n&#8211; Os Kapiteriores (a confirmar)<\/p>\n<h3><strong>QUINTA-FEIRA (14\/11\/2019)<br \/>\n<\/strong><\/h3>\n<p><strong>8h \u00e0s 9h<\/strong><br \/>\n<strong>Programa\u00e7\u00e3o do IFPI \/ Campus de Valen\u00e7a do Piau\u00ed<\/strong><\/p>\n<p><strong>9h \u00e0s 10h20<\/strong><\/p>\n<p><strong>A natureza da humanidade \u00e9 a cultura: interven\u00e7\u00e3o cultural e sa\u00fade mental<\/strong><\/p>\n<p>Palestrante:<br \/>\nEdmar Oliveira (RJ)<br \/>\n(m\u00e9dico psiquiatra, militante do movimento da Reforma Psiqui\u00e1trica, escritor, blogueiro)<\/p>\n<p>Pocket Show: Carlos Ten\u00f3rio<\/p>\n<p><strong>10h40min \u00e0s 12h<\/strong><br \/>\n<strong>Autores piauienses consagrados<\/strong><\/p>\n<p>Palestrante:<br \/>\nWellington Soares (PI)<br \/>\n(professor, escritor, editor da Revista Revestr\u00e9s, produtor cultural e membro-fundador do SaLiPi)<\/p>\n<p>Pocket Show: Carlos Ten\u00f3rio<\/p>\n<p><strong>15h \u00e0s 16h30min<\/strong><\/p>\n<p><strong>A hist\u00f3ria da caju\u00edna em Valen\u00e7a do Piau\u00ed: uma vertente do patrim\u00f4nio imaterial brasileiro.<\/strong><\/p>\n<p>Palestrante:<br \/>\nAntonio Jos\u00e9 Mambenga (PI)<br \/>\n(professor, historiador, pesquisador, escritor, blogueiro, membro da ALCV e ex-secret\u00e1rio de cultura de Valen\u00e7a do Piau\u00ed)<\/p>\n<p>Pocket Show: Carlos Ten\u00f3rio<\/p>\n<p><strong>16h30min \u00e0s 18h<\/strong><\/p>\n<p><strong>Mesa de debate sobre a viol\u00eancia contra a mulher<\/strong><\/p>\n<p><strong>Dr.\u00aa Anamelka Cadena<br \/>\n<\/strong>(Delegada de Pol\u00edcia Civil, p\u00f3s-graduada em Direito Penal e Processo Penal, Comendadora da Ordem do M\u00e9rito Renascen\u00e7a do Piau\u00ed. Al\u00e9m disso, tamb\u00e9m \u00e9 listada no rol dos melhores Delegados de Pol\u00edcia Civil\u00a0do Brasil, na categoria investiga\u00e7\u00e3o. Colunista do @portalmempi e Diretora de Gest\u00e3o Interna da Secretaria de Seguran\u00e7a P\u00fablica do Piau\u00ed).<\/p>\n<p><strong>Dr.\u00aa Vilma Alves<br \/>\n<\/strong>(Delegada de Pol\u00edcia Civil, Titular da Delegacia Especializada de Atendimento \u00e0 Mulher &#8211; centro, Teresina. Vilma Alves foi a primeira Delegada da Mulher no Piau\u00ed, estando h\u00e1 mais de 28 anos no exerc\u00edcio da fun\u00e7\u00e3o)<strong>\u00a0<\/strong><\/p>\n<p><strong>19h \u00e0s 21h horas<\/strong><br \/>\nPalestra com:<\/p>\n<p><strong>Br\u00e1ulio Bessa (CE)<\/strong><br \/>\n(poeta, cordelista, apresentador do quadro Poesia Com Rapadura do programa da TV Globo: Encontro com F\u00e1tima Bernardes)<\/p>\n<p><strong>Pocket Show: Carlos Ten\u00f3rio<\/strong><\/p>\n<p>**Por quest\u00f5es de translado e toda a log\u00edstica operacional, a palestra ter\u00e1 in\u00edcio \u00e0s 20h.<\/p>\n<p><strong>21 horas<\/strong><br \/>\n&#8211; Bruno Farias<br \/>\n&#8211; D\u2019Alc\u00e2ntara<br \/>\n&#8211; Banda dos Magrinhos<\/p>\n<h3><strong>SEXTA-FEIRA (15\/11\/2019)<br \/>\n<\/strong><\/h3>\n<p><strong>8h \u00e0s 9h<\/strong><br \/>\nPrograma\u00e7\u00e3o do IFPI \/ Campus de Valen\u00e7a do Piau\u00ed<\/p>\n<p><strong>9h \u00e0s 12horas<\/strong><br \/>\n<strong>A trajet\u00f3ria de um aprendiz de poesia \u2013 sarau l\u00edtero-musical.<\/strong><\/p>\n<p>Palestrante\/Apresentador:<br \/>\nCineas Santos (PI)<br \/>\n(poeta, escritor, apresentador de TV, produtor cultural, editor de livros e fundador e coordenador do SaLiPi e da Funda\u00e7\u00e3o Quixote)<\/p>\n<p>Show Musical com Lu\u00edza Miranda, Wellington Torres e Gilson Fernandes.<br \/>\nPocket Show: Fernando Rocha<\/p>\n<p><strong>15h \u00e0s 16h30min<\/strong><br \/>\nCultura Nordestina, pra qu\u00ea outra?<\/p>\n<p>Palestrante:<br \/>\nWilson Seraine (PI)<br \/>\n(professor com mestrado em Ensino de Ci\u00eancias e Matem\u00e1tica, pesquisador, escritor, radialista, membro da Academia Brasileira de Literatura de Cordel, Presidente da col\u00f4nia gonzaguiana no Piau\u00ed)<\/p>\n<p>Pocket Show: Fernando Rocha<\/p>\n<p><strong>16h30min \u00c0s 18h<\/strong><br \/>\n<strong>O C\u00f3digo da Intelig\u00eancia<\/strong><\/p>\n<p>Palestrante:<br \/>\nLuiz Romero Lima (PI)<br \/>\n(professor, mestre em Teoria da Literatura, pesquisador, escritor, fundador e coordenador do SaLiPi e da Funda\u00e7\u00e3o Quixote)<\/p>\n<p>Pocket Show: Fernando Rocha<\/p>\n<p><strong>19h \u00e0s 21h<\/strong><br \/>\n<strong>Bate-Papo Liter\u00e1rio e lan\u00e7amento do livro: Coragem \u00e9 Agir com o Cora\u00e7\u00e3o<\/strong><\/p>\n<p>Fred Elboni (SC)<br \/>\n(Escritor, Publicit\u00e1rio, Youtuber, autor-roteirista do Programa Amor &amp; Sexo da Rede Globo e dono do blog \u201cEntenda os Homens\u201d)<\/p>\n<p><strong>Apresenta\u00e7\u00e3o\/Media\u00e7\u00e3o:<br \/>\n<\/strong>Gustavo Lacombe (RJ)<br \/>\n(Escritor, m\u00fasico, compositor, jornalista e digital influencer)<\/p>\n<p>Pocket Show: Fernando Rocha<\/p>\n<p><strong>21 horas<\/strong><br \/>\n&#8211; Janela Lateral<br \/>\n&#8211; In The Clouds (a confirmar)<br \/>\n&#8211; Tome Forr\u00f3<\/p>\n<h3><strong>S\u00c1BADO (16\/11\/2019)<br \/>\n<\/strong><\/h3>\n<p><strong>8h \u00e0s 9h<\/strong><br \/>\nPrograma\u00e7\u00e3o do IFPI \/ Campus de Valen\u00e7a do Piau\u00ed<\/p>\n<p><strong>9h \u00e0s 10h20<\/strong><br \/>\n<strong>Ser Professor: Um turbilh\u00e3o de Emo\u00e7\u00f5es.<\/strong><\/p>\n<p>Palestrante:<br \/>\nNeto Cear\u00e1 (PI)<br \/>\n(Bacharel em Matem\u00e1tica pela UFPI e MBA Management pela PUC\/RJ \u00e9 professor da rede particular de ensino h\u00e1 32 anos em Teresina. Atualmente \u00e9 Diretor Pedag\u00f3gico Geral do Grupo Educacional CEV).<\/p>\n<p><strong>10h40min \u00e0s 12h<\/strong><br \/>\n<strong>Lan\u00e7amento dos livros: Voc\u00ea est\u00e1 na lista vip de Deus<\/strong><\/p>\n<p>Alexandre Nolleto (PI)<br \/>\n(@alexandrenolleto &#8211; escritor, digital influencer, empreendedor e fisioterapeuta)<\/p>\n<p><strong>Para confortar seu cora\u00e7\u00e3o<\/strong><br \/>\nAfonso Celso (PI)<br \/>\n(@oafonsocelso \u2013 escritor, digital influencer, estudante de jornalismo e palestrante)<\/p>\n<p>Pocket Show: Raquel Moura<\/p>\n<p><strong>15h \u00e0s 16h30min<\/strong><br \/>\n<strong>O Mist\u00e9rio da Boneca de Porcelana<\/strong><\/p>\n<p>Palestrante:<br \/>\nEneas Barros (PI)<br \/>\n(Economista com especializa\u00e7\u00e3o em Planejamento e Administra\u00e7\u00e3o do Turismo, curso de Jornalismo e Marketing na Universidade de Nebraska-Lincoln, EUA. Coordenador Especial de Turismo da SEDET, da Prefeitura de Teresina; Assessor de Marketing para a cadeia de restaurantes Favorito; colunista de Cultura e Turismo da revista Cidade Verde; e escritor.)<\/p>\n<p>Pocket Show: Raquel Moura<\/p>\n<p><strong>16h30min \u00e0s18h<\/strong><br \/>\n<strong>Roda de Conversa sobre a produ\u00e7\u00e3o liter\u00e1ria piauiense<\/strong><\/p>\n<p>Debatedores:<\/p>\n<p>Jasmine Malta (PI)<br \/>\n(professora, mestra em Literatura, designer de interiores, artista pl\u00e1stica e Presidente da AJEB\/PI, cervejeira artesanal).<\/p>\n<p>Z\u00f3zimo Tavares (PI)<br \/>\n(Jornalista, escritor, radialista, membro da Academia Piauiense de Letras \u2013 APL).<\/p>\n<p>Rodolfo Pena (PI)<br \/>\n(professor e poeta, com experi\u00eancia e atua\u00e7\u00e3o na \u00e1rea de empreendimentos educacionais no Piau\u00ed.)<\/p>\n<p>Pocket Show: Raquel Moura<\/p>\n<p><strong>19h \u00e0s 21h<\/strong><br \/>\nPalestra e Pocket Show com:<\/p>\n<p>Zez\u00e9 Mota (RJ)<br \/>\n(Atriz, com atua\u00e7\u00e3o nas maiores novelas e filmes brasileiros, com reconhecimento internacional, cantora e blogueira)<\/p>\n<p>Media\u00e7\u00e3o\/Apresenta\u00e7\u00e3o:<\/p>\n<p>Salgado Maranh\u00e3o (RJ)<br \/>\n(Poeta, letrista, jornalista com graduado em Comunica\u00e7\u00e3o Social pela PUC\/RJ)<\/p>\n<p>Pocket Show: Raquel Moura<\/p>\n<p><strong>21 horas<\/strong><br \/>\nMelhor de tr\u00eas<\/p>\n<p>(Jo\u00e3o Cl\u00e1udio Moreno, Soraya Castelo Branco e Fl\u00e1vio Moura)<br \/>\nGonzaga Lu e Trio Asa<\/p>\n","protected":false},"excerpt":{"rendered":"<p>Programa\u00e7\u00e3o Cultural Circuito de Palestras PROGRAMA\u00c7\u00c3O DO SAL\u00c3O DO LIVRO DE VALEN\u00c7A DO PIAU\u00cd \u2013 SALIVA PER\u00cdODO DE REALIZA\u00c7\u00c3O: DE 13 A 16 DE NOVEMBRO DE<span class=\"excerpt-hellip\"> [\u2026]<\/span><\/p>\n","protected":false},"author":1,"featured_media":0,"parent":0,"menu_order":0,"comment_status":"closed","ping_status":"closed","template":"","meta":[],"yoast_head":"<!-- This site is optimized with the Yoast SEO plugin v19.6.1 - https:\/\/yoast.com\/wordpress\/plugins\/seo\/ -->\n<title>Programa\u00e7\u00e3o Cultural - 11\u00ba Sal\u00e3o do Livro de Valen\u00e7a do Piau\u00ed - SaLiVa<\/title>\n<meta name=\"robots\" content=\"index, follow, max-snippet:-1, max-image-preview:large, max-video-preview:-1\" \/>\n<link rel=\"canonical\" href=\"https:\/\/www.salivapi.com.br\/edicao2019\/programacao-cultural\/\" \/>\n<meta property=\"og:locale\" content=\"pt_BR\" \/>\n<meta property=\"og:type\" content=\"article\" \/>\n<meta property=\"og:title\" content=\"Programa\u00e7\u00e3o Cultural - 11\u00ba Sal\u00e3o do Livro de Valen\u00e7a do Piau\u00ed - SaLiVa\" \/>\n<meta property=\"og:description\" content=\"Programa\u00e7\u00e3o Cultural Circuito de Palestras PROGRAMA\u00c7\u00c3O DO SAL\u00c3O DO LIVRO DE VALEN\u00c7A DO PIAU\u00cd \u2013 SALIVA PER\u00cdODO DE REALIZA\u00c7\u00c3O: DE 13 A 16 DE NOVEMBRO DE [\u2026]\" \/>\n<meta property=\"og:url\" content=\"https:\/\/www.salivapi.com.br\/edicao2019\/programacao-cultural\/\" \/>\n<meta property=\"og:site_name\" content=\"11\u00ba Sal\u00e3o do Livro de Valen\u00e7a do Piau\u00ed - SaLiVa\" \/>\n<meta property=\"article:publisher\" content=\"https:\/\/www.facebook.com\/salivapi\/\" \/>\n<meta property=\"article:modified_time\" content=\"2019-11-07T12:00:50+00:00\" \/>\n<meta name=\"twitter:card\" content=\"summary\" \/>\n<meta name=\"twitter:label1\" content=\"Est. tempo de leitura\" \/>\n\t<meta name=\"twitter:data1\" content=\"5 minutos\" \/>\n<script type=\"application\/ld+json\" class=\"yoast-schema-graph\">{\"@context\":\"https:\/\/schema.org\",\"@graph\":[{\"@type\":\"WebPage\",\"@id\":\"https:\/\/www.salivapi.com.br\/edicao2019\/programacao-cultural\/\",\"url\":\"https:\/\/www.salivapi.com.br\/edicao2019\/programacao-cultural\/\",\"name\":\"Programa\u00e7\u00e3o Cultural - 11\u00ba Sal\u00e3o do Livro de Valen\u00e7a do Piau\u00ed - SaLiVa\",\"isPartOf\":{\"@id\":\"https:\/\/www.salivapi.com.br\/edicao2019\/#website\"},\"datePublished\":\"2016-10-19T13:02:24+00:00\",\"dateModified\":\"2019-11-07T12:00:50+00:00\",\"breadcrumb\":{\"@id\":\"https:\/\/www.salivapi.com.br\/edicao2019\/programacao-cultural\/#breadcrumb\"},\"inLanguage\":\"pt-BR\",\"potentialAction\":[{\"@type\":\"ReadAction\",\"target\":[\"https:\/\/www.salivapi.com.br\/edicao2019\/programacao-cultural\/\"]}]},{\"@type\":\"BreadcrumbList\",\"@id\":\"https:\/\/www.salivapi.com.br\/edicao2019\/programacao-cultural\/#breadcrumb\",\"itemListElement\":[{\"@type\":\"ListItem\",\"position\":1,\"name\":\"In\u00edcio\",\"item\":\"https:\/\/www.salivapi.com.br\/edicao2019\/\"},{\"@type\":\"ListItem\",\"position\":2,\"name\":\"Programa\u00e7\u00e3o Cultural\"}]},{\"@type\":\"WebSite\",\"@id\":\"https:\/\/www.salivapi.com.br\/edicao2019\/#website\",\"url\":\"https:\/\/www.salivapi.com.br\/edicao2019\/\",\"name\":\"11\u00ba Sal\u00e3o do Livro de Valen\u00e7a do Piau\u00ed - SaLiVa\",\"description\":\"Sal\u00e3o do Livro de Valen\u00e7a do Piau\u00ed, \u00e9 uma vertente regional do SALIPI\",\"potentialAction\":[{\"@type\":\"SearchAction\",\"target\":{\"@type\":\"EntryPoint\",\"urlTemplate\":\"https:\/\/www.salivapi.com.br\/edicao2019\/?s={search_term_string}\"},\"query-input\":\"required name=search_term_string\"}],\"inLanguage\":\"pt-BR\"}]}<\/script>\n<!-- \/ Yoast SEO plugin. -->","yoast_head_json":{"title":"Programa\u00e7\u00e3o Cultural - 11\u00ba Sal\u00e3o do Livro de Valen\u00e7a do Piau\u00ed - SaLiVa","robots":{"index":"index","follow":"follow","max-snippet":"max-snippet:-1","max-image-preview":"max-image-preview:large","max-video-preview":"max-video-preview:-1"},"canonical":"https:\/\/www.salivapi.com.br\/edicao2019\/programacao-cultural\/","og_locale":"pt_BR","og_type":"article","og_title":"Programa\u00e7\u00e3o Cultural - 11\u00ba Sal\u00e3o do Livro de Valen\u00e7a do Piau\u00ed - SaLiVa","og_description":"Programa\u00e7\u00e3o Cultural Circuito de Palestras PROGRAMA\u00c7\u00c3O DO SAL\u00c3O DO LIVRO DE VALEN\u00c7A DO PIAU\u00cd \u2013 SALIVA PER\u00cdODO DE REALIZA\u00c7\u00c3O: DE 13 A 16 DE NOVEMBRO DE [\u2026]","og_url":"https:\/\/www.salivapi.com.br\/edicao2019\/programacao-cultural\/","og_site_name":"11\u00ba Sal\u00e3o do Livro de Valen\u00e7a do Piau\u00ed - SaLiVa","article_publisher":"https:\/\/www.facebook.com\/salivapi\/","article_modified_time":"2019-11-07T12:00:50+00:00","twitter_card":"summary","twitter_misc":{"Est. tempo de leitura":"5 minutos"},"schema":{"@context":"https:\/\/schema.org","@graph":[{"@type":"WebPage","@id":"https:\/\/www.salivapi.com.br\/edicao2019\/programacao-cultural\/","url":"https:\/\/www.salivapi.com.br\/edicao2019\/programacao-cultural\/","name":"Programa\u00e7\u00e3o Cultural - 11\u00ba Sal\u00e3o do Livro de Valen\u00e7a do Piau\u00ed - SaLiVa","isPartOf":{"@id":"https:\/\/www.salivapi.com.br\/edicao2019\/#website"},"datePublished":"2016-10-19T13:02:24+00:00","dateModified":"2019-11-07T12:00:50+00:00","breadcrumb":{"@id":"https:\/\/www.salivapi.com.br\/edicao2019\/programacao-cultural\/#breadcrumb"},"inLanguage":"pt-BR","potentialAction":[{"@type":"ReadAction","target":["https:\/\/www.salivapi.com.br\/edicao2019\/programacao-cultural\/"]}]},{"@type":"BreadcrumbList","@id":"https:\/\/www.salivapi.com.br\/edicao2019\/programacao-cultural\/#breadcrumb","itemListElement":[{"@type":"ListItem","position":1,"name":"In\u00edcio","item":"https:\/\/www.salivapi.com.br\/edicao2019\/"},{"@type":"ListItem","position":2,"name":"Programa\u00e7\u00e3o Cultural"}]},{"@type":"WebSite","@id":"https:\/\/www.salivapi.com.br\/edicao2019\/#website","url":"https:\/\/www.salivapi.com.br\/edicao2019\/","name":"11\u00ba Sal\u00e3o do Livro de Valen\u00e7a do Piau\u00ed - SaLiVa","description":"Sal\u00e3o do Livro de Valen\u00e7a do Piau\u00ed, \u00e9 uma vertente regional do SALIPI","potentialAction":[{"@type":"SearchAction","target":{"@type":"EntryPoint","urlTemplate":"https:\/\/www.salivapi.com.br\/edicao2019\/?s={search_term_string}"},"query-input":"required name=search_term_string"}],"inLanguage":"pt-BR"}]}},"_links":{"self":[{"href":"https:\/\/www.salivapi.com.br\/edicao2019\/wp-json\/wp\/v2\/pages\/3203"}],"collection":[{"href":"https:\/\/www.salivapi.com.br\/edicao2019\/wp-json\/wp\/v2\/pages"}],"about":[{"href":"https:\/\/www.salivapi.com.br\/edicao2019\/wp-json\/wp\/v2\/types\/page"}],"author":[{"embeddable":true,"href":"https:\/\/www.salivapi.com.br\/edicao2019\/wp-json\/wp\/v2\/users\/1"}],"replies":[{"embeddable":true,"href":"https:\/\/www.salivapi.com.br\/edicao2019\/wp-json\/wp\/v2\/comments?post=3203"}],"version-history":[{"count":4,"href":"https:\/\/www.salivapi.com.br\/edicao2019\/wp-json\/wp\/v2\/pages\/3203\/revisions"}],"predecessor-version":[{"id":3755,"href":"https:\/\/www.salivapi.com.br\/edicao2019\/wp-json\/wp\/v2\/pages\/3203\/revisions\/3755"}],"wp:attachment":[{"href":"https:\/\/www.salivapi.com.br\/edicao2019\/wp-json\/wp\/v2\/media?parent=3203"}],"curies":[{"name":"wp","href":"https:\/\/api.w.org\/{rel}","templated":true}]}}